{"id":218,"date":"2023-03-17T17:08:02","date_gmt":"2023-03-17T16:08:02","guid":{"rendered":"https:\/\/macadam07.fr\/?page_id=218"},"modified":"2026-04-30T17:18:02","modified_gmt":"2026-04-30T15:18:02","slug":"la-ronde-de-crussol-parcours","status":"publish","type":"page","link":"https:\/\/macadam07.fr\/index.php\/la-ronde-de-crussol-parcours\/","title":{"rendered":"La ronde de Crussol &#8211; Parcours"},"content":{"rendered":"\t\t<div data-elementor-type=\"wp-page\" data-elementor-id=\"218\" class=\"elementor elementor-218\">\n\t\t\t\t\t\t<section class=\"elementor-section elementor-top-section elementor-element elementor-element-0de7622 elementor-section-boxed elementor-section-height-default elementor-section-height-default\" data-id=\"0de7622\" data-element_type=\"section\" data-e-type=\"section\">\n\t\t\t\t\t\t<div class=\"elementor-container elementor-column-gap-default\">\n\t\t\t\t\t<div class=\"elementor-column elementor-col-50 elementor-top-column elementor-element elementor-element-0445adb\" data-id=\"0445adb\" data-element_type=\"column\" data-e-type=\"column\">\n\t\t\t<div class=\"elementor-widget-wrap elementor-element-populated\">\n\t\t\t\t\t\t<div class=\"elementor-element elementor-element-9c10b8e elementor-invisible elementor-widget elementor-widget-heading\" data-id=\"9c10b8e\" data-element_type=\"widget\" data-e-type=\"widget\" data-settings=\"{&quot;_animation&quot;:&quot;fadeInLeft&quot;}\" data-widget_type=\"heading.default\">\n\t\t\t\t<div class=\"elementor-widget-container\">\n\t\t\t\t\t<h2 class=\"elementor-heading-title elementor-size-large\">Samedi 19 Sept.<\/h2>\t\t\t\t<\/div>\n\t\t\t\t<\/div>\n\t\t\t\t<div class=\"elementor-element elementor-element-00feb49 elementor-widget elementor-widget-heading\" data-id=\"00feb49\" data-element_type=\"widget\" data-e-type=\"widget\" data-widget_type=\"heading.default\">\n\t\t\t\t<div class=\"elementor-widget-container\">\n\t\t\t\t\t<h2 class=\"elementor-heading-title elementor-size-default\"><a href=\"https:\/\/tracedetrail.fr\/fr\/trace\/208044\">0.68 Km - LES CHEVALIERS (4m D+ DEPART \u00e0 15H30) \n\n\n\n<\/a><\/h2>\t\t\t\t<\/div>\n\t\t\t\t<\/div>\n\t\t\t\t<div class=\"elementor-element elementor-element-f2ddade elementor-widget elementor-widget-image\" data-id=\"f2ddade\" data-element_type=\"widget\" data-e-type=\"widget\" data-widget_type=\"image.default\">\n\t\t\t\t<div class=\"elementor-widget-container\">\n\t\t\t\t\t\t\t\t\t\t\t\t\t\t\t\t<a href=\"https:\/\/macadam07.fr\/wp-content\/uploads\/2025\/06\/rdc-2025-le-mialan-10km_page-0001.jpg\" data-elementor-open-lightbox=\"yes\" data-elementor-lightbox-title=\"rdc-2025-le-mialan-10km_page-0001\" data-e-action-hash=\"#elementor-action%3Aaction%3Dlightbox%26settings%3DeyJpZCI6MjE4OCwidXJsIjoiaHR0cHM6XC9cL21hY2FkYW0wNy5mclwvd3AtY29udGVudFwvdXBsb2Fkc1wvMjAyNVwvMDZcL3JkYy0yMDI1LWxlLW1pYWxhbi0xMGttX3BhZ2UtMDAwMS5qcGcifQ%3D%3D\">\n\t\t\t\t\t\t\t<img fetchpriority=\"high\" decoding=\"async\" width=\"725\" height=\"1024\" src=\"https:\/\/macadam07.fr\/wp-content\/uploads\/2025\/06\/rdc-2025-le-mialan-10km_page-0001-725x1024.jpg\" class=\"attachment-large size-large wp-image-2188\" alt=\"\" srcset=\"https:\/\/macadam07.fr\/wp-content\/uploads\/2025\/06\/rdc-2025-le-mialan-10km_page-0001-725x1024.jpg 725w, https:\/\/macadam07.fr\/wp-content\/uploads\/2025\/06\/rdc-2025-le-mialan-10km_page-0001-212x300.jpg 212w, https:\/\/macadam07.fr\/wp-content\/uploads\/2025\/06\/rdc-2025-le-mialan-10km_page-0001-768x1085.jpg 768w, https:\/\/macadam07.fr\/wp-content\/uploads\/2025\/06\/rdc-2025-le-mialan-10km_page-0001-1087x1536.jpg 1087w, https:\/\/macadam07.fr\/wp-content\/uploads\/2025\/06\/rdc-2025-le-mialan-10km_page-0001.jpg 1241w\" sizes=\"(max-width: 725px) 100vw, 725px\" \/>\t\t\t\t\t\t\t\t<\/a>\n\t\t\t\t\t\t\t\t\t\t\t\t\t\t\t<\/div>\n\t\t\t\t<\/div>\n\t\t\t\t<div class=\"elementor-element elementor-element-7b234c0 elementor-widget elementor-widget-heading\" data-id=\"7b234c0\" data-element_type=\"widget\" data-e-type=\"widget\" data-widget_type=\"heading.default\">\n\t\t\t\t<div class=\"elementor-widget-container\">\n\t\t\t\t\t<h2 class=\"elementor-heading-title elementor-size-default\"><a href=\"https:\/\/tracedetrail.fr\/fr\/trace\/208044\">12.62 Km - L'ILLUMINEE (387m D+ DEPART \u00e0 19H15) - Solo ou Duo\n\n\n\n<\/a><\/h2>\t\t\t\t<\/div>\n\t\t\t\t<\/div>\n\t\t\t\t<div class=\"elementor-element elementor-element-f6d3ac8 elementor-widget elementor-widget-image\" data-id=\"f6d3ac8\" data-element_type=\"widget\" data-e-type=\"widget\" data-widget_type=\"image.default\">\n\t\t\t\t<div class=\"elementor-widget-container\">\n\t\t\t\t\t\t\t\t\t\t\t\t\t\t\t\t<a href=\"https:\/\/macadam07.fr\/wp-content\/uploads\/2025\/06\/rdc-2025-les-chevaliers-courses-enfants_page-0001.jpg\" data-elementor-open-lightbox=\"yes\" data-elementor-lightbox-title=\"rdc-2025-les-chevaliers-courses-enfants_page-0001\" data-e-action-hash=\"#elementor-action%3Aaction%3Dlightbox%26settings%3DeyJpZCI6MjE5NywidXJsIjoiaHR0cHM6XC9cL21hY2FkYW0wNy5mclwvd3AtY29udGVudFwvdXBsb2Fkc1wvMjAyNVwvMDZcL3JkYy0yMDI1LWxlcy1jaGV2YWxpZXJzLWNvdXJzZXMtZW5mYW50c19wYWdlLTAwMDEuanBnIn0%3D\">\n\t\t\t\t\t\t\t<img decoding=\"async\" width=\"725\" height=\"1024\" src=\"https:\/\/macadam07.fr\/wp-content\/uploads\/2025\/06\/rdc-2025-les-chevaliers-courses-enfants_page-0001-725x1024.jpg\" class=\"attachment-large size-large wp-image-2197\" alt=\"\" srcset=\"https:\/\/macadam07.fr\/wp-content\/uploads\/2025\/06\/rdc-2025-les-chevaliers-courses-enfants_page-0001-725x1024.jpg 725w, https:\/\/macadam07.fr\/wp-content\/uploads\/2025\/06\/rdc-2025-les-chevaliers-courses-enfants_page-0001-212x300.jpg 212w, https:\/\/macadam07.fr\/wp-content\/uploads\/2025\/06\/rdc-2025-les-chevaliers-courses-enfants_page-0001-768x1085.jpg 768w, https:\/\/macadam07.fr\/wp-content\/uploads\/2025\/06\/rdc-2025-les-chevaliers-courses-enfants_page-0001-1087x1536.jpg 1087w, https:\/\/macadam07.fr\/wp-content\/uploads\/2025\/06\/rdc-2025-les-chevaliers-courses-enfants_page-0001.jpg 1241w\" sizes=\"(max-width: 725px) 100vw, 725px\" \/>\t\t\t\t\t\t\t\t<\/a>\n\t\t\t\t\t\t\t\t\t\t\t\t\t\t\t<\/div>\n\t\t\t\t<\/div>\n\t\t\t\t<div class=\"elementor-element elementor-element-b28337d elementor-widget elementor-widget-heading\" data-id=\"b28337d\" data-element_type=\"widget\" data-e-type=\"widget\" data-widget_type=\"heading.default\">\n\t\t\t\t<div class=\"elementor-widget-container\">\n\t\t\t\t\t<h2 class=\"elementor-heading-title elementor-size-default\"><a href=\"https:\/\/tracedetrail.fr\/fr\/trace\/208044\">12.62 Km - L'ILLUMINEE (387m D+ DEPART \u00e0 19H15) - Solo ou Duo\n\n\n\n<\/a><\/h2>\t\t\t\t<\/div>\n\t\t\t\t<\/div>\n\t\t\t\t<div class=\"elementor-element elementor-element-eebf992 elementor-widget elementor-widget-image\" data-id=\"eebf992\" data-element_type=\"widget\" data-e-type=\"widget\" data-widget_type=\"image.default\">\n\t\t\t\t<div class=\"elementor-widget-container\">\n\t\t\t\t\t\t\t\t\t\t\t\t\t\t\t\t<a href=\"https:\/\/macadam07.fr\/wp-content\/uploads\/2025\/06\/rdc-2025-l-illuminee-12km_page-0001.jpg\" data-elementor-open-lightbox=\"yes\" data-elementor-lightbox-title=\"rdc-2025-l-illuminee-12km_page-0001\" data-e-action-hash=\"#elementor-action%3Aaction%3Dlightbox%26settings%3DeyJpZCI6MjE4OSwidXJsIjoiaHR0cHM6XC9cL21hY2FkYW0wNy5mclwvd3AtY29udGVudFwvdXBsb2Fkc1wvMjAyNVwvMDZcL3JkYy0yMDI1LWwtaWxsdW1pbmVlLTEya21fcGFnZS0wMDAxLmpwZyJ9\">\n\t\t\t\t\t\t\t<img decoding=\"async\" width=\"725\" height=\"1024\" src=\"https:\/\/macadam07.fr\/wp-content\/uploads\/2025\/06\/rdc-2025-l-illuminee-12km_page-0001-725x1024.jpg\" class=\"attachment-large size-large wp-image-2189\" alt=\"\" srcset=\"https:\/\/macadam07.fr\/wp-content\/uploads\/2025\/06\/rdc-2025-l-illuminee-12km_page-0001-725x1024.jpg 725w, https:\/\/macadam07.fr\/wp-content\/uploads\/2025\/06\/rdc-2025-l-illuminee-12km_page-0001-212x300.jpg 212w, https:\/\/macadam07.fr\/wp-content\/uploads\/2025\/06\/rdc-2025-l-illuminee-12km_page-0001-768x1085.jpg 768w, https:\/\/macadam07.fr\/wp-content\/uploads\/2025\/06\/rdc-2025-l-illuminee-12km_page-0001-1087x1536.jpg 1087w, https:\/\/macadam07.fr\/wp-content\/uploads\/2025\/06\/rdc-2025-l-illuminee-12km_page-0001.jpg 1241w\" sizes=\"(max-width: 725px) 100vw, 725px\" \/>\t\t\t\t\t\t\t\t<\/a>\n\t\t\t\t\t\t\t\t\t\t\t\t\t\t\t<\/div>\n\t\t\t\t<\/div>\n\t\t\t\t<div class=\"elementor-element elementor-element-7e48471 elementor-widget elementor-widget-heading\" data-id=\"7e48471\" data-element_type=\"widget\" data-e-type=\"widget\" data-widget_type=\"heading.default\">\n\t\t\t\t<div class=\"elementor-widget-container\">\n\t\t\t\t\t<h2 class=\"elementor-heading-title elementor-size-default\"><a href=\"https:\/\/tracedetrail.fr\/fr\/trace\/trace\/181531\">10.04 Km - LE  MIALAN (44m D+ Depart \u00e0 9h30)-solo\n<\/a><\/h2>\t\t\t\t<\/div>\n\t\t\t\t<\/div>\n\t\t\t\t\t<\/div>\n\t\t<\/div>\n\t\t\t\t<div class=\"elementor-column elementor-col-50 elementor-top-column elementor-element elementor-element-dbcdb49\" data-id=\"dbcdb49\" data-element_type=\"column\" data-e-type=\"column\">\n\t\t\t<div class=\"elementor-widget-wrap elementor-element-populated\">\n\t\t\t\t\t\t<div class=\"elementor-element elementor-element-14d6498 elementor-invisible elementor-widget elementor-widget-heading\" data-id=\"14d6498\" data-element_type=\"widget\" data-e-type=\"widget\" data-settings=\"{&quot;_animation&quot;:&quot;fadeInRight&quot;}\" data-widget_type=\"heading.default\">\n\t\t\t\t<div class=\"elementor-widget-container\">\n\t\t\t\t\t<h1 class=\"elementor-heading-title elementor-size-large\">Dimanche 20 Sept.<\/h1>\t\t\t\t<\/div>\n\t\t\t\t<\/div>\n\t\t\t\t<div class=\"elementor-element elementor-element-26aa761 elementor-widget elementor-widget-heading\" data-id=\"26aa761\" data-element_type=\"widget\" data-e-type=\"widget\" data-widget_type=\"heading.default\">\n\t\t\t\t<div class=\"elementor-widget-container\">\n\t\t\t\t\t<h2 class=\"elementor-heading-title elementor-size-default\"><a href=\"https:\/\/tracedetrail.fr\/fr\/trace\/trace\/181531\">10.04 Km - LE  MIALAN (44m D+ Depart \u00e0 9h30)-solo\n<\/a><\/h2>\t\t\t\t<\/div>\n\t\t\t\t<\/div>\n\t\t\t\t<div class=\"elementor-element elementor-element-22a74b0 elementor-widget elementor-widget-heading\" data-id=\"22a74b0\" data-element_type=\"widget\" data-e-type=\"widget\" data-widget_type=\"heading.default\">\n\t\t\t\t<div class=\"elementor-widget-container\">\n\t\t\t\t\t<h2 class=\"elementor-heading-title elementor-size-default\"><a href=\"https:\/\/tracedetrail.fr\/fr\/trace\/trace\/181538\">15.33 Km - LA RONDE (463m D+ DEPART \u00e0 9H30)\n<br>solo ou duo\n\n<\/a><\/h2>\t\t\t\t<\/div>\n\t\t\t\t<\/div>\n\t\t\t\t<div class=\"elementor-element elementor-element-d662908 elementor-widget elementor-widget-image\" data-id=\"d662908\" data-element_type=\"widget\" data-e-type=\"widget\" data-widget_type=\"image.default\">\n\t\t\t\t<div class=\"elementor-widget-container\">\n\t\t\t\t\t\t\t\t\t\t\t\t\t\t\t\t<a href=\"https:\/\/macadam07.fr\/wp-content\/uploads\/2025\/06\/rdc-2025-ronde-de-crussol-15km_page-0001.jpg\" data-elementor-open-lightbox=\"yes\" data-elementor-lightbox-title=\"rdc-2025-ronde-de-crussol-15km_page-0001\" data-e-action-hash=\"#elementor-action%3Aaction%3Dlightbox%26settings%3DeyJpZCI6MjE4NSwidXJsIjoiaHR0cHM6XC9cL21hY2FkYW0wNy5mclwvd3AtY29udGVudFwvdXBsb2Fkc1wvMjAyNVwvMDZcL3JkYy0yMDI1LXJvbmRlLWRlLWNydXNzb2wtMTVrbV9wYWdlLTAwMDEuanBnIn0%3D\">\n\t\t\t\t\t\t\t<img loading=\"lazy\" decoding=\"async\" width=\"725\" height=\"1024\" src=\"https:\/\/macadam07.fr\/wp-content\/uploads\/2025\/06\/rdc-2025-ronde-de-crussol-15km_page-0001-725x1024.jpg\" class=\"attachment-large size-large wp-image-2185\" alt=\"\" srcset=\"https:\/\/macadam07.fr\/wp-content\/uploads\/2025\/06\/rdc-2025-ronde-de-crussol-15km_page-0001-725x1024.jpg 725w, https:\/\/macadam07.fr\/wp-content\/uploads\/2025\/06\/rdc-2025-ronde-de-crussol-15km_page-0001-212x300.jpg 212w, https:\/\/macadam07.fr\/wp-content\/uploads\/2025\/06\/rdc-2025-ronde-de-crussol-15km_page-0001-768x1085.jpg 768w, https:\/\/macadam07.fr\/wp-content\/uploads\/2025\/06\/rdc-2025-ronde-de-crussol-15km_page-0001-1087x1536.jpg 1087w, https:\/\/macadam07.fr\/wp-content\/uploads\/2025\/06\/rdc-2025-ronde-de-crussol-15km_page-0001.jpg 1241w\" sizes=\"(max-width: 725px) 100vw, 725px\" \/>\t\t\t\t\t\t\t\t<\/a>\n\t\t\t\t\t\t\t\t\t\t\t\t\t\t\t<\/div>\n\t\t\t\t<\/div>\n\t\t\t\t<div class=\"elementor-element elementor-element-c0f9d28 elementor-widget elementor-widget-heading\" data-id=\"c0f9d28\" data-element_type=\"widget\" data-e-type=\"widget\" data-widget_type=\"heading.default\">\n\t\t\t\t<div class=\"elementor-widget-container\">\n\t\t\t\t\t<h2 class=\"elementor-heading-title elementor-size-default\"><a href=\"https:\/\/tracedetrail.fr\/fr\/trace\/trace\/181553\">31.26 Km - LA PICANTE (1232m D+ DEPART \u00e0 8H30)\nsolo ou duo \n\n<\/a><\/h2>\t\t\t\t<\/div>\n\t\t\t\t<\/div>\n\t\t\t\t<div class=\"elementor-element elementor-element-8dd6627 elementor-widget elementor-widget-image\" data-id=\"8dd6627\" data-element_type=\"widget\" data-e-type=\"widget\" data-widget_type=\"image.default\">\n\t\t\t\t<div class=\"elementor-widget-container\">\n\t\t\t\t\t\t\t\t\t\t\t\t\t\t\t\t<a href=\"https:\/\/macadam07.fr\/wp-content\/uploads\/2025\/06\/rdc-2025-la-picante-30km_page-0001.jpg\" data-elementor-open-lightbox=\"yes\" data-elementor-lightbox-title=\"rdc-2025-la-picante-30km_page-0001\" data-e-action-hash=\"#elementor-action%3Aaction%3Dlightbox%26settings%3DeyJpZCI6MjE4NywidXJsIjoiaHR0cHM6XC9cL21hY2FkYW0wNy5mclwvd3AtY29udGVudFwvdXBsb2Fkc1wvMjAyNVwvMDZcL3JkYy0yMDI1LWxhLXBpY2FudGUtMzBrbV9wYWdlLTAwMDEuanBnIn0%3D\">\n\t\t\t\t\t\t\t<img loading=\"lazy\" decoding=\"async\" width=\"725\" height=\"1024\" src=\"https:\/\/macadam07.fr\/wp-content\/uploads\/2025\/06\/rdc-2025-la-picante-30km_page-0001-725x1024.jpg\" class=\"attachment-large size-large wp-image-2187\" alt=\"\" srcset=\"https:\/\/macadam07.fr\/wp-content\/uploads\/2025\/06\/rdc-2025-la-picante-30km_page-0001-725x1024.jpg 725w, https:\/\/macadam07.fr\/wp-content\/uploads\/2025\/06\/rdc-2025-la-picante-30km_page-0001-212x300.jpg 212w, https:\/\/macadam07.fr\/wp-content\/uploads\/2025\/06\/rdc-2025-la-picante-30km_page-0001-768x1085.jpg 768w, https:\/\/macadam07.fr\/wp-content\/uploads\/2025\/06\/rdc-2025-la-picante-30km_page-0001-1087x1536.jpg 1087w, https:\/\/macadam07.fr\/wp-content\/uploads\/2025\/06\/rdc-2025-la-picante-30km_page-0001.jpg 1241w\" sizes=\"(max-width: 725px) 100vw, 725px\" \/>\t\t\t\t\t\t\t\t<\/a>\n\t\t\t\t\t\t\t\t\t\t\t\t\t\t\t<\/div>\n\t\t\t\t<\/div>\n\t\t\t\t<div class=\"elementor-element elementor-element-657c2fb elementor-widget elementor-widget-heading\" data-id=\"657c2fb\" data-element_type=\"widget\" data-e-type=\"widget\" data-widget_type=\"heading.default\">\n\t\t\t\t<div class=\"elementor-widget-container\">\n\t\t\t\t\t<h2 class=\"elementor-heading-title elementor-size-default\"><a href=\"https:\/\/tracedetrail.fr\/fr\/trace\/trace\/181553\">31.26 Km - LA PICANTE (1232m D+ DEPART \u00e0 8H30)\nsolo ou duo \n\n<\/a><\/h2>\t\t\t\t<\/div>\n\t\t\t\t<\/div>\n\t\t\t\t<div class=\"elementor-element elementor-element-5fe66a4 elementor-widget elementor-widget-image\" data-id=\"5fe66a4\" data-element_type=\"widget\" data-e-type=\"widget\" data-widget_type=\"image.default\">\n\t\t\t\t<div class=\"elementor-widget-container\">\n\t\t\t\t\t\t\t\t\t\t\t\t\t\t\t\t<a href=\"https:\/\/macadam07.fr\/wp-content\/uploads\/2025\/06\/rdc-2025-la-picante-30km_page-0001.jpg\" data-elementor-open-lightbox=\"yes\" data-elementor-lightbox-title=\"rdc-2025-la-picante-30km_page-0001\" data-e-action-hash=\"#elementor-action%3Aaction%3Dlightbox%26settings%3DeyJpZCI6MjE4NywidXJsIjoiaHR0cHM6XC9cL21hY2FkYW0wNy5mclwvd3AtY29udGVudFwvdXBsb2Fkc1wvMjAyNVwvMDZcL3JkYy0yMDI1LWxhLXBpY2FudGUtMzBrbV9wYWdlLTAwMDEuanBnIn0%3D\">\n\t\t\t\t\t\t\t<img loading=\"lazy\" decoding=\"async\" width=\"725\" height=\"1024\" src=\"https:\/\/macadam07.fr\/wp-content\/uploads\/2025\/06\/rdc-2025-la-picante-30km_page-0001-725x1024.jpg\" class=\"attachment-large size-large wp-image-2187\" alt=\"\" srcset=\"https:\/\/macadam07.fr\/wp-content\/uploads\/2025\/06\/rdc-2025-la-picante-30km_page-0001-725x1024.jpg 725w, https:\/\/macadam07.fr\/wp-content\/uploads\/2025\/06\/rdc-2025-la-picante-30km_page-0001-212x300.jpg 212w, https:\/\/macadam07.fr\/wp-content\/uploads\/2025\/06\/rdc-2025-la-picante-30km_page-0001-768x1085.jpg 768w, https:\/\/macadam07.fr\/wp-content\/uploads\/2025\/06\/rdc-2025-la-picante-30km_page-0001-1087x1536.jpg 1087w, https:\/\/macadam07.fr\/wp-content\/uploads\/2025\/06\/rdc-2025-la-picante-30km_page-0001.jpg 1241w\" sizes=\"(max-width: 725px) 100vw, 725px\" \/>\t\t\t\t\t\t\t\t<\/a>\n\t\t\t\t\t\t\t\t\t\t\t\t\t\t\t<\/div>\n\t\t\t\t<\/div>\n\t\t\t\t\t<\/div>\n\t\t<\/div>\n\t\t\t\t\t<\/div>\n\t\t<\/section>\n\t\t\t\t<\/div>\n\t\t","protected":false},"excerpt":{"rendered":"<p>Samedi 19 Sept. 0.68 Km &#8211; LES CHEVALIERS (4m D+ DEPART \u00e0 15H30) 12.62 Km &#8211; L&rsquo;ILLUMINEE (387m D+ DEPART \u00e0 19H15) &#8211; Solo ou Duo 12.62 Km &#8211; L&rsquo;ILLUMINEE (387m D+ DEPART \u00e0 19H15) &#8211; Solo ou Duo 10.04 Km &#8211; LE MIALAN (44m D+ Depart \u00e0 9h30)-solo Dimanche 20 Sept. 10.04 Km &#8211; [&hellip;]<\/p>\n","protected":false},"author":1,"featured_media":0,"parent":0,"menu_order":0,"comment_status":"closed","ping_status":"closed","template":"","meta":{"footnotes":""},"class_list":["post-218","page","type-page","status-publish","hentry","entry"],"_links":{"self":[{"href":"https:\/\/macadam07.fr\/index.php\/wp-json\/wp\/v2\/pages\/218","targetHints":{"allow":["GET"]}}],"collection":[{"href":"https:\/\/macadam07.fr\/index.php\/wp-json\/wp\/v2\/pages"}],"about":[{"href":"https:\/\/macadam07.fr\/index.php\/wp-json\/wp\/v2\/types\/page"}],"author":[{"embeddable":true,"href":"https:\/\/macadam07.fr\/index.php\/wp-json\/wp\/v2\/users\/1"}],"replies":[{"embeddable":true,"href":"https:\/\/macadam07.fr\/index.php\/wp-json\/wp\/v2\/comments?post=218"}],"version-history":[{"count":150,"href":"https:\/\/macadam07.fr\/index.php\/wp-json\/wp\/v2\/pages\/218\/revisions"}],"predecessor-version":[{"id":2628,"href":"https:\/\/macadam07.fr\/index.php\/wp-json\/wp\/v2\/pages\/218\/revisions\/2628"}],"wp:attachment":[{"href":"https:\/\/macadam07.fr\/index.php\/wp-json\/wp\/v2\/media?parent=218"}],"curies":[{"name":"wp","href":"https:\/\/api.w.org\/{rel}","templated":true}]}}